{"id":600,"date":"2021-10-28T11:10:16","date_gmt":"2021-10-28T11:10:16","guid":{"rendered":"https:\/\/www.il-design.hr\/?post_type=portfolio&#038;p=600"},"modified":"2021-11-10T13:23:44","modified_gmt":"2021-11-10T13:23:44","slug":"stan-u-zagrebu","status":"publish","type":"portfolio","link":"https:\/\/www.il-design.hr\/?portfolio=stan-u-zagrebu","title":{"rendered":"Stan u Zagrebu"},"content":{"rendered":"<div id='av-layout-grid-1'  class='av-layout-grid-container av-10qisw-c5729bd6c0656542d734876551a62d8f entry-content-wrapper main_color av-flex-cells  avia-builder-el-0  el_before_av_masonry_gallery  avia-builder-el-first   container_wrap fullsize'  >\n\n<style type=\"text\/css\" data-created_by=\"avia_inline_auto\" id=\"style-css-av-v9eco-04a865fc3417bd9b5c384cb41ebee71f\">\n.flex_cell.av-v9eco-04a865fc3417bd9b5c384cb41ebee71f{\nvertical-align:top;\n}\n.responsive #top #wrap_all .flex_cell.av-v9eco-04a865fc3417bd9b5c384cb41ebee71f{\npadding:30px 30px 30px 30px !important;\n}\n<\/style>\n<div class='flex_cell av-v9eco-04a865fc3417bd9b5c384cb41ebee71f av-gridrow-cell av_one_half no_margin  avia-builder-el-1  el_before_av_cell_one_half  avia-builder-el-first '  ><div class='flex_cell_inner'><p>\n<style type=\"text\/css\" data-created_by=\"avia_inline_auto\" id=\"style-css-av-kvaug45f-b84a0c2156624650248c846049b589bd\">\n#top .av-special-heading.av-kvaug45f-b84a0c2156624650248c846049b589bd{\npadding-bottom:10px;\n}\nbody .av-special-heading.av-kvaug45f-b84a0c2156624650248c846049b589bd .av-special-heading-tag .heading-char{\nfont-size:25px;\n}\n.av-special-heading.av-kvaug45f-b84a0c2156624650248c846049b589bd .av-subheading{\nfont-size:15px;\n}\n<\/style>\n<div  class='av-special-heading av-kvaug45f-b84a0c2156624650248c846049b589bd av-special-heading-h3  avia-builder-el-2  el_before_av_textblock  avia-builder-el-first '><h3 class='av-special-heading-tag'  itemprop=\"headline\"  >Stan u Zagrebu<\/h3><div class=\"special-heading-border\"><div class=\"special-heading-inner-border\"><\/div><\/div><\/div><br \/>\n<section  class='av_textblock_section av-qgvpc-04be3826867dbc33026e89d094e531fd '   itemscope=\"itemscope\" itemtype=\"https:\/\/schema.org\/CreativeWork\" ><div class='avia_textblock'  itemprop=\"text\" ><p>Moderan i razigran mladena\u010dki stan.<\/p>\n<\/div><\/section><\/p>\n<\/div><\/div>\n<style type=\"text\/css\" data-created_by=\"avia_inline_auto\" id=\"style-css-av-niqps-452cfbbddf4012d7b1ed3d3fe3b16b85\">\n.flex_cell.av-niqps-452cfbbddf4012d7b1ed3d3fe3b16b85{\nvertical-align:top;\nbackground-color:#f7f7f7;\n}\n.responsive #top #wrap_all .flex_cell.av-niqps-452cfbbddf4012d7b1ed3d3fe3b16b85{\npadding:30px 30px 30px 30px !important;\n}\n<\/style>\n<div class='flex_cell av-niqps-452cfbbddf4012d7b1ed3d3fe3b16b85 av-gridrow-cell av_one_half no_margin  avia-builder-el-4  el_after_av_cell_one_half  avia-builder-el-last '  ><div class='flex_cell_inner'><p>\n<style type=\"text\/css\" data-created_by=\"avia_inline_auto\" id=\"style-css-av-hg0hk-0c78d5bddcdd52d9dbb5fe0403820360\">\n#top .av-special-heading.av-hg0hk-0c78d5bddcdd52d9dbb5fe0403820360{\npadding-bottom:10px;\n}\nbody .av-special-heading.av-hg0hk-0c78d5bddcdd52d9dbb5fe0403820360 .av-special-heading-tag .heading-char{\nfont-size:25px;\n}\n.av-special-heading.av-hg0hk-0c78d5bddcdd52d9dbb5fe0403820360 .av-subheading{\nfont-size:15px;\n}\n<\/style>\n<div  class='av-special-heading av-hg0hk-0c78d5bddcdd52d9dbb5fe0403820360 av-special-heading-h3  avia-builder-el-5  el_before_av_textblock  avia-builder-el-first '><h3 class='av-special-heading-tag'  itemprop=\"headline\"  >Opis projekta<\/h3><div class=\"special-heading-border\"><div class=\"special-heading-inner-border\"><\/div><\/div><\/div><br \/>\n<section  class='av_textblock_section av-vsr4-ff09138bba119822494010569cba0ebd '   itemscope=\"itemscope\" itemtype=\"https:\/\/schema.org\/CreativeWork\" ><div class='avia_textblock'  itemprop=\"text\" ><p>Prostor koji di\u0161e u skladu vremena u kojem \u017eivimo, nadasve prakti\u010dan sa elementima ugodnog bivanja.<\/p>\n<\/div><\/section><\/p>\n<\/div><\/div><\/div><div id='av-masonry-1' class='av-masonry av-kvauhlrv-9953aac79c41918913998e9f38b266e1 noHover av-flex-size av-large-gap av-hover-overlay-grayscale av-masonry-animation-active av-masonry-col-3 av-caption-on-hover av-caption-style- av-masonry-gallery ' data-post_id=\"600\"><div class=\"av-masonry-container isotope av-js-disabled\"><div class='av-masonry-entry isotope-item av-masonry-item-no-image '><\/div><a href=\"https:\/\/www.il-design.hr\/wp-content\/uploads\/2021\/10\/Iva_13_hod-1831x1030.jpg\" data-srcset=\"https:\/\/www.il-design.hr\/wp-content\/uploads\/2021\/10\/Iva_13_hod-1831x1030.jpg 1831w, https:\/\/www.il-design.hr\/wp-content\/uploads\/2021\/10\/Iva_13_hod-300x169.jpg 300w, https:\/\/www.il-design.hr\/wp-content\/uploads\/2021\/10\/Iva_13_hod-768x432.jpg 768w, https:\/\/www.il-design.hr\/wp-content\/uploads\/2021\/10\/Iva_13_hod-1536x864.jpg 1536w, https:\/\/www.il-design.hr\/wp-content\/uploads\/2021\/10\/Iva_13_hod-1500x844.jpg 1500w, https:\/\/www.il-design.hr\/wp-content\/uploads\/2021\/10\/Iva_13_hod-705x397.jpg 705w, https:\/\/www.il-design.hr\/wp-content\/uploads\/2021\/10\/Iva_13_hod-1030x579.jpg 1030w, https:\/\/www.il-design.hr\/wp-content\/uploads\/2021\/10\/Iva_13_hod.jpg 1920w\" data-sizes=\"(max-width: 1500px) 100vw, 1500px\"  aria-label=\"slika Stan u Zagrebu\"  id='av-masonry-1-item-601' data-av-masonry-item='601' class='av-masonry-entry isotope-item post-601 attachment type-attachment status-inherit hentry  av-masonry-item-with-image' title=\"\" alt=\"\u00a9 Copyright - IL Design\"    itemprop=\"thumbnailUrl\" ><div class='av-inner-masonry-sizer'><\/div><figure class='av-inner-masonry main_color'><div class=\"av-masonry-outerimage-container\"><div class='av-masonry-image-container'   ><img decoding=\"async\" width=\"705\" height=\"397\" fetchpriority=\"high\" class=\"wp-image-601 avia-img-lazy-loading-not-601\"  src=\"https:\/\/www.il-design.hr\/wp-content\/uploads\/2021\/10\/Iva_13_hod-705x397.jpg\" title=\"\" alt=\"\u00a9 Copyright - IL Design\" srcset=\"https:\/\/www.il-design.hr\/wp-content\/uploads\/2021\/10\/Iva_13_hod-705x397.jpg 705w, https:\/\/www.il-design.hr\/wp-content\/uploads\/2021\/10\/Iva_13_hod-300x169.jpg 300w, https:\/\/www.il-design.hr\/wp-content\/uploads\/2021\/10\/Iva_13_hod-1831x1030.jpg 1831w, https:\/\/www.il-design.hr\/wp-content\/uploads\/2021\/10\/Iva_13_hod-768x432.jpg 768w, https:\/\/www.il-design.hr\/wp-content\/uploads\/2021\/10\/Iva_13_hod-1536x864.jpg 1536w, https:\/\/www.il-design.hr\/wp-content\/uploads\/2021\/10\/Iva_13_hod-1500x844.jpg 1500w, https:\/\/www.il-design.hr\/wp-content\/uploads\/2021\/10\/Iva_13_hod-1030x579.jpg 1030w, https:\/\/www.il-design.hr\/wp-content\/uploads\/2021\/10\/Iva_13_hod.jpg 1920w\" sizes=\"(max-width: 705px) 100vw, 705px\" \/><\/div><\/div><\/figure><\/a><!--end av-masonry entry--><a href=\"https:\/\/www.il-design.hr\/wp-content\/uploads\/2021\/10\/Iva_4_hod-1831x1030.jpg\" data-srcset=\"https:\/\/www.il-design.hr\/wp-content\/uploads\/2021\/10\/Iva_4_hod-1831x1030.jpg 1831w, https:\/\/www.il-design.hr\/wp-content\/uploads\/2021\/10\/Iva_4_hod-300x169.jpg 300w, https:\/\/www.il-design.hr\/wp-content\/uploads\/2021\/10\/Iva_4_hod-768x432.jpg 768w, https:\/\/www.il-design.hr\/wp-content\/uploads\/2021\/10\/Iva_4_hod-1536x864.jpg 1536w, https:\/\/www.il-design.hr\/wp-content\/uploads\/2021\/10\/Iva_4_hod-1500x844.jpg 1500w, https:\/\/www.il-design.hr\/wp-content\/uploads\/2021\/10\/Iva_4_hod-705x397.jpg 705w, https:\/\/www.il-design.hr\/wp-content\/uploads\/2021\/10\/Iva_4_hod-1030x579.jpg 1030w, https:\/\/www.il-design.hr\/wp-content\/uploads\/2021\/10\/Iva_4_hod.jpg 1920w\" data-sizes=\"(max-width: 1500px) 100vw, 1500px\"  aria-label=\"slika Iva 4 hod\"  id='av-masonry-1-item-602' data-av-masonry-item='602' class='av-masonry-entry isotope-item post-602 attachment type-attachment status-inherit hentry  av-masonry-item-with-image' title=\"\" alt=\"\u00a9 Copyright - IL Design\"    itemprop=\"thumbnailUrl\" ><div class='av-inner-masonry-sizer'><\/div><figure class='av-inner-masonry main_color'><div class=\"av-masonry-outerimage-container\"><div class='av-masonry-image-container'   ><img decoding=\"async\" width=\"705\" height=\"397\" fetchpriority=\"high\" class=\"wp-image-602 avia-img-lazy-loading-not-602\"  src=\"https:\/\/www.il-design.hr\/wp-content\/uploads\/2021\/10\/Iva_4_hod-705x397.jpg\" title=\"\" alt=\"\u00a9 Copyright - IL Design\" srcset=\"https:\/\/www.il-design.hr\/wp-content\/uploads\/2021\/10\/Iva_4_hod-705x397.jpg 705w, https:\/\/www.il-design.hr\/wp-content\/uploads\/2021\/10\/Iva_4_hod-300x169.jpg 300w, https:\/\/www.il-design.hr\/wp-content\/uploads\/2021\/10\/Iva_4_hod-1831x1030.jpg 1831w, https:\/\/www.il-design.hr\/wp-content\/uploads\/2021\/10\/Iva_4_hod-768x432.jpg 768w, https:\/\/www.il-design.hr\/wp-content\/uploads\/2021\/10\/Iva_4_hod-1536x864.jpg 1536w, https:\/\/www.il-design.hr\/wp-content\/uploads\/2021\/10\/Iva_4_hod-1500x844.jpg 1500w, https:\/\/www.il-design.hr\/wp-content\/uploads\/2021\/10\/Iva_4_hod-1030x579.jpg 1030w, https:\/\/www.il-design.hr\/wp-content\/uploads\/2021\/10\/Iva_4_hod.jpg 1920w\" sizes=\"(max-width: 705px) 100vw, 705px\" \/><\/div><\/div><\/figure><\/a><!--end av-masonry entry--><a href=\"https:\/\/www.il-design.hr\/wp-content\/uploads\/2021\/10\/Iva_2_ss-1831x1030.jpg\" data-srcset=\"https:\/\/www.il-design.hr\/wp-content\/uploads\/2021\/10\/Iva_2_ss-1831x1030.jpg 1831w, https:\/\/www.il-design.hr\/wp-content\/uploads\/2021\/10\/Iva_2_ss-300x169.jpg 300w, https:\/\/www.il-design.hr\/wp-content\/uploads\/2021\/10\/Iva_2_ss-768x432.jpg 768w, https:\/\/www.il-design.hr\/wp-content\/uploads\/2021\/10\/Iva_2_ss-1536x864.jpg 1536w, https:\/\/www.il-design.hr\/wp-content\/uploads\/2021\/10\/Iva_2_ss-1500x844.jpg 1500w, https:\/\/www.il-design.hr\/wp-content\/uploads\/2021\/10\/Iva_2_ss-705x397.jpg 705w, https:\/\/www.il-design.hr\/wp-content\/uploads\/2021\/10\/Iva_2_ss-1030x579.jpg 1030w, https:\/\/www.il-design.hr\/wp-content\/uploads\/2021\/10\/Iva_2_ss.jpg 1920w\" data-sizes=\"(max-width: 1500px) 100vw, 1500px\"  aria-label=\"slika Iva 2 ss\"  id='av-masonry-1-item-603' data-av-masonry-item='603' class='av-masonry-entry isotope-item post-603 attachment type-attachment status-inherit hentry  av-masonry-item-with-image' title=\"\" alt=\"\u00a9 Copyright - IL Design\"    itemprop=\"thumbnailUrl\" ><div class='av-inner-masonry-sizer'><\/div><figure class='av-inner-masonry main_color'><div class=\"av-masonry-outerimage-container\"><div class='av-masonry-image-container'   ><img decoding=\"async\" width=\"705\" height=\"397\" fetchpriority=\"high\" class=\"wp-image-603 avia-img-lazy-loading-not-603\"  src=\"https:\/\/www.il-design.hr\/wp-content\/uploads\/2021\/10\/Iva_2_ss-705x397.jpg\" title=\"\" alt=\"\u00a9 Copyright - IL Design\" srcset=\"https:\/\/www.il-design.hr\/wp-content\/uploads\/2021\/10\/Iva_2_ss-705x397.jpg 705w, https:\/\/www.il-design.hr\/wp-content\/uploads\/2021\/10\/Iva_2_ss-300x169.jpg 300w, https:\/\/www.il-design.hr\/wp-content\/uploads\/2021\/10\/Iva_2_ss-1831x1030.jpg 1831w, https:\/\/www.il-design.hr\/wp-content\/uploads\/2021\/10\/Iva_2_ss-768x432.jpg 768w, https:\/\/www.il-design.hr\/wp-content\/uploads\/2021\/10\/Iva_2_ss-1536x864.jpg 1536w, https:\/\/www.il-design.hr\/wp-content\/uploads\/2021\/10\/Iva_2_ss-1500x844.jpg 1500w, https:\/\/www.il-design.hr\/wp-content\/uploads\/2021\/10\/Iva_2_ss-1030x579.jpg 1030w, https:\/\/www.il-design.hr\/wp-content\/uploads\/2021\/10\/Iva_2_ss.jpg 1920w\" sizes=\"(max-width: 705px) 100vw, 705px\" \/><\/div><\/div><\/figure><\/a><!--end av-masonry entry--><a href=\"https:\/\/www.il-design.hr\/wp-content\/uploads\/2021\/10\/Iva_1_hod-1831x1030.jpg\" data-srcset=\"https:\/\/www.il-design.hr\/wp-content\/uploads\/2021\/10\/Iva_1_hod-1831x1030.jpg 1831w, https:\/\/www.il-design.hr\/wp-content\/uploads\/2021\/10\/Iva_1_hod-300x169.jpg 300w, https:\/\/www.il-design.hr\/wp-content\/uploads\/2021\/10\/Iva_1_hod-768x432.jpg 768w, https:\/\/www.il-design.hr\/wp-content\/uploads\/2021\/10\/Iva_1_hod-1536x864.jpg 1536w, https:\/\/www.il-design.hr\/wp-content\/uploads\/2021\/10\/Iva_1_hod-1500x844.jpg 1500w, https:\/\/www.il-design.hr\/wp-content\/uploads\/2021\/10\/Iva_1_hod-705x397.jpg 705w, https:\/\/www.il-design.hr\/wp-content\/uploads\/2021\/10\/Iva_1_hod-1030x579.jpg 1030w, https:\/\/www.il-design.hr\/wp-content\/uploads\/2021\/10\/Iva_1_hod.jpg 1920w\" data-sizes=\"(max-width: 1500px) 100vw, 1500px\"  aria-label=\"slika Iva 1 hod\"  id='av-masonry-1-item-604' data-av-masonry-item='604' class='av-masonry-entry isotope-item post-604 attachment type-attachment status-inherit hentry  av-masonry-item-with-image' title=\"\" alt=\"\u00a9 Copyright - IL Design\"    itemprop=\"thumbnailUrl\" ><div class='av-inner-masonry-sizer'><\/div><figure class='av-inner-masonry main_color'><div class=\"av-masonry-outerimage-container\"><div class='av-masonry-image-container'   ><img decoding=\"async\" width=\"705\" height=\"397\" fetchpriority=\"high\" class=\"wp-image-604 avia-img-lazy-loading-not-604\"  src=\"https:\/\/www.il-design.hr\/wp-content\/uploads\/2021\/10\/Iva_1_hod-705x397.jpg\" title=\"\" alt=\"\u00a9 Copyright - IL Design\" srcset=\"https:\/\/www.il-design.hr\/wp-content\/uploads\/2021\/10\/Iva_1_hod-705x397.jpg 705w, https:\/\/www.il-design.hr\/wp-content\/uploads\/2021\/10\/Iva_1_hod-300x169.jpg 300w, https:\/\/www.il-design.hr\/wp-content\/uploads\/2021\/10\/Iva_1_hod-1831x1030.jpg 1831w, https:\/\/www.il-design.hr\/wp-content\/uploads\/2021\/10\/Iva_1_hod-768x432.jpg 768w, https:\/\/www.il-design.hr\/wp-content\/uploads\/2021\/10\/Iva_1_hod-1536x864.jpg 1536w, https:\/\/www.il-design.hr\/wp-content\/uploads\/2021\/10\/Iva_1_hod-1500x844.jpg 1500w, https:\/\/www.il-design.hr\/wp-content\/uploads\/2021\/10\/Iva_1_hod-1030x579.jpg 1030w, https:\/\/www.il-design.hr\/wp-content\/uploads\/2021\/10\/Iva_1_hod.jpg 1920w\" sizes=\"(max-width: 705px) 100vw, 705px\" \/><\/div><\/div><\/figure><\/a><!--end av-masonry entry--><\/div><\/div><\/p>\n","protected":false},"excerpt":{"rendered":"","protected":false},"featured_media":601,"comment_status":"open","ping_status":"closed","template":"","tags":[],"portfolio_entries":[9],"class_list":["post-600","portfolio","type-portfolio","status-publish","has-post-thumbnail","hentry","portfolio_entries-projekti"],"yoast_head":"<!-- This site is optimized with the Yoast SEO plugin v27.3 - https:\/\/yoast.com\/product\/yoast-seo-wordpress\/ -->\n<title>Stan u Zagrebu - IL Design d.o.o.<\/title>\n<meta name=\"robots\" content=\"index, follow, max-snippet:-1, max-image-preview:large, max-video-preview:-1\" \/>\n<link rel=\"canonical\" href=\"https:\/\/www.il-design.hr\/?portfolio=stan-u-zagrebu\" \/>\n<meta property=\"og:locale\" content=\"hr_HR\" \/>\n<meta property=\"og:type\" content=\"article\" \/>\n<meta property=\"og:title\" content=\"Stan u Zagrebu - IL Design d.o.o.\" \/>\n<meta property=\"og:url\" content=\"https:\/\/www.il-design.hr\/?portfolio=stan-u-zagrebu\" \/>\n<meta property=\"og:site_name\" content=\"IL Design d.o.o.\" \/>\n<meta property=\"article:modified_time\" content=\"2021-11-10T13:23:44+00:00\" \/>\n<meta property=\"og:image\" content=\"https:\/\/www.il-design.hr\/wp-content\/uploads\/2021\/10\/Iva_13_hod.jpg\" \/>\n\t<meta property=\"og:image:width\" content=\"1920\" \/>\n\t<meta property=\"og:image:height\" content=\"1080\" \/>\n\t<meta property=\"og:image:type\" content=\"image\/jpeg\" \/>\n<meta name=\"twitter:card\" content=\"summary_large_image\" \/>\n<meta name=\"twitter:label1\" content=\"Procijenjeno vrijeme \u010ditanja\" \/>\n\t<meta name=\"twitter:data1\" content=\"2 minute\" \/>\n<script type=\"application\/ld+json\" class=\"yoast-schema-graph\">{\"@context\":\"https:\\\/\\\/schema.org\",\"@graph\":[{\"@type\":\"WebPage\",\"@id\":\"https:\\\/\\\/www.il-design.hr\\\/?portfolio=stan-u-zagrebu\",\"url\":\"https:\\\/\\\/www.il-design.hr\\\/?portfolio=stan-u-zagrebu\",\"name\":\"Stan u Zagrebu - IL Design d.o.o.\",\"isPartOf\":{\"@id\":\"https:\\\/\\\/www.il-design.hr\\\/#website\"},\"primaryImageOfPage\":{\"@id\":\"https:\\\/\\\/www.il-design.hr\\\/?portfolio=stan-u-zagrebu#primaryimage\"},\"image\":{\"@id\":\"https:\\\/\\\/www.il-design.hr\\\/?portfolio=stan-u-zagrebu#primaryimage\"},\"thumbnailUrl\":\"https:\\\/\\\/www.il-design.hr\\\/wp-content\\\/uploads\\\/2021\\\/10\\\/Iva_13_hod.jpg\",\"datePublished\":\"2021-10-28T11:10:16+00:00\",\"dateModified\":\"2021-11-10T13:23:44+00:00\",\"breadcrumb\":{\"@id\":\"https:\\\/\\\/www.il-design.hr\\\/?portfolio=stan-u-zagrebu#breadcrumb\"},\"inLanguage\":\"hr\",\"potentialAction\":[{\"@type\":\"ReadAction\",\"target\":[\"https:\\\/\\\/www.il-design.hr\\\/?portfolio=stan-u-zagrebu\"]}]},{\"@type\":\"ImageObject\",\"inLanguage\":\"hr\",\"@id\":\"https:\\\/\\\/www.il-design.hr\\\/?portfolio=stan-u-zagrebu#primaryimage\",\"url\":\"https:\\\/\\\/www.il-design.hr\\\/wp-content\\\/uploads\\\/2021\\\/10\\\/Iva_13_hod.jpg\",\"contentUrl\":\"https:\\\/\\\/www.il-design.hr\\\/wp-content\\\/uploads\\\/2021\\\/10\\\/Iva_13_hod.jpg\",\"width\":1920,\"height\":1080,\"caption\":\"\u00a9 Copyright - IL Design\"},{\"@type\":\"BreadcrumbList\",\"@id\":\"https:\\\/\\\/www.il-design.hr\\\/?portfolio=stan-u-zagrebu#breadcrumb\",\"itemListElement\":[{\"@type\":\"ListItem\",\"position\":1,\"name\":\"Po\u010detna stranica\",\"item\":\"https:\\\/\\\/www.il-design.hr\\\/\"},{\"@type\":\"ListItem\",\"position\":2,\"name\":\"Stan u Zagrebu\"}]},{\"@type\":\"WebSite\",\"@id\":\"https:\\\/\\\/www.il-design.hr\\\/#website\",\"url\":\"https:\\\/\\\/www.il-design.hr\\\/\",\"name\":\"IL Design d.o.o.\",\"description\":\"Dizajn interijera\",\"publisher\":{\"@id\":\"https:\\\/\\\/www.il-design.hr\\\/#organization\"},\"potentialAction\":[{\"@type\":\"SearchAction\",\"target\":{\"@type\":\"EntryPoint\",\"urlTemplate\":\"https:\\\/\\\/www.il-design.hr\\\/?s={search_term_string}\"},\"query-input\":{\"@type\":\"PropertyValueSpecification\",\"valueRequired\":true,\"valueName\":\"search_term_string\"}}],\"inLanguage\":\"hr\"},{\"@type\":\"Organization\",\"@id\":\"https:\\\/\\\/www.il-design.hr\\\/#organization\",\"name\":\"IL Design\",\"url\":\"https:\\\/\\\/www.il-design.hr\\\/\",\"logo\":{\"@type\":\"ImageObject\",\"inLanguage\":\"hr\",\"@id\":\"https:\\\/\\\/www.il-design.hr\\\/#\\\/schema\\\/logo\\\/image\\\/\",\"url\":\"https:\\\/\\\/www.il-design.hr\\\/wp-content\\\/uploads\\\/2021\\\/10\\\/2021-10-27_162843.jpg\",\"contentUrl\":\"https:\\\/\\\/www.il-design.hr\\\/wp-content\\\/uploads\\\/2021\\\/10\\\/2021-10-27_162843.jpg\",\"width\":638,\"height\":707,\"caption\":\"IL Design\"},\"image\":{\"@id\":\"https:\\\/\\\/www.il-design.hr\\\/#\\\/schema\\\/logo\\\/image\\\/\"},\"sameAs\":[\"https:\\\/\\\/www.instagram.com\\\/il_modern_designer\\\/\"]}]}<\/script>\n<!-- \/ Yoast SEO plugin. -->","yoast_head_json":{"title":"Stan u Zagrebu - IL Design d.o.o.","robots":{"index":"index","follow":"follow","max-snippet":"max-snippet:-1","max-image-preview":"max-image-preview:large","max-video-preview":"max-video-preview:-1"},"canonical":"https:\/\/www.il-design.hr\/?portfolio=stan-u-zagrebu","og_locale":"hr_HR","og_type":"article","og_title":"Stan u Zagrebu - IL Design d.o.o.","og_url":"https:\/\/www.il-design.hr\/?portfolio=stan-u-zagrebu","og_site_name":"IL Design d.o.o.","article_modified_time":"2021-11-10T13:23:44+00:00","og_image":[{"width":1920,"height":1080,"url":"https:\/\/www.il-design.hr\/wp-content\/uploads\/2021\/10\/Iva_13_hod.jpg","type":"image\/jpeg"}],"twitter_card":"summary_large_image","twitter_misc":{"Procijenjeno vrijeme \u010ditanja":"2 minute"},"schema":{"@context":"https:\/\/schema.org","@graph":[{"@type":"WebPage","@id":"https:\/\/www.il-design.hr\/?portfolio=stan-u-zagrebu","url":"https:\/\/www.il-design.hr\/?portfolio=stan-u-zagrebu","name":"Stan u Zagrebu - IL Design d.o.o.","isPartOf":{"@id":"https:\/\/www.il-design.hr\/#website"},"primaryImageOfPage":{"@id":"https:\/\/www.il-design.hr\/?portfolio=stan-u-zagrebu#primaryimage"},"image":{"@id":"https:\/\/www.il-design.hr\/?portfolio=stan-u-zagrebu#primaryimage"},"thumbnailUrl":"https:\/\/www.il-design.hr\/wp-content\/uploads\/2021\/10\/Iva_13_hod.jpg","datePublished":"2021-10-28T11:10:16+00:00","dateModified":"2021-11-10T13:23:44+00:00","breadcrumb":{"@id":"https:\/\/www.il-design.hr\/?portfolio=stan-u-zagrebu#breadcrumb"},"inLanguage":"hr","potentialAction":[{"@type":"ReadAction","target":["https:\/\/www.il-design.hr\/?portfolio=stan-u-zagrebu"]}]},{"@type":"ImageObject","inLanguage":"hr","@id":"https:\/\/www.il-design.hr\/?portfolio=stan-u-zagrebu#primaryimage","url":"https:\/\/www.il-design.hr\/wp-content\/uploads\/2021\/10\/Iva_13_hod.jpg","contentUrl":"https:\/\/www.il-design.hr\/wp-content\/uploads\/2021\/10\/Iva_13_hod.jpg","width":1920,"height":1080,"caption":"\u00a9 Copyright - IL Design"},{"@type":"BreadcrumbList","@id":"https:\/\/www.il-design.hr\/?portfolio=stan-u-zagrebu#breadcrumb","itemListElement":[{"@type":"ListItem","position":1,"name":"Po\u010detna stranica","item":"https:\/\/www.il-design.hr\/"},{"@type":"ListItem","position":2,"name":"Stan u Zagrebu"}]},{"@type":"WebSite","@id":"https:\/\/www.il-design.hr\/#website","url":"https:\/\/www.il-design.hr\/","name":"IL Design d.o.o.","description":"Dizajn interijera","publisher":{"@id":"https:\/\/www.il-design.hr\/#organization"},"potentialAction":[{"@type":"SearchAction","target":{"@type":"EntryPoint","urlTemplate":"https:\/\/www.il-design.hr\/?s={search_term_string}"},"query-input":{"@type":"PropertyValueSpecification","valueRequired":true,"valueName":"search_term_string"}}],"inLanguage":"hr"},{"@type":"Organization","@id":"https:\/\/www.il-design.hr\/#organization","name":"IL Design","url":"https:\/\/www.il-design.hr\/","logo":{"@type":"ImageObject","inLanguage":"hr","@id":"https:\/\/www.il-design.hr\/#\/schema\/logo\/image\/","url":"https:\/\/www.il-design.hr\/wp-content\/uploads\/2021\/10\/2021-10-27_162843.jpg","contentUrl":"https:\/\/www.il-design.hr\/wp-content\/uploads\/2021\/10\/2021-10-27_162843.jpg","width":638,"height":707,"caption":"IL Design"},"image":{"@id":"https:\/\/www.il-design.hr\/#\/schema\/logo\/image\/"},"sameAs":["https:\/\/www.instagram.com\/il_modern_designer\/"]}]}},"lang":"hr","translations":{"hr":600,"en":795},"jetpack_sharing_enabled":true,"pll_sync_post":[],"_links":{"self":[{"href":"https:\/\/www.il-design.hr\/index.php?rest_route=\/wp\/v2\/portfolio\/600","targetHints":{"allow":["GET"]}}],"collection":[{"href":"https:\/\/www.il-design.hr\/index.php?rest_route=\/wp\/v2\/portfolio"}],"about":[{"href":"https:\/\/www.il-design.hr\/index.php?rest_route=\/wp\/v2\/types\/portfolio"}],"replies":[{"embeddable":true,"href":"https:\/\/www.il-design.hr\/index.php?rest_route=%2Fwp%2Fv2%2Fcomments&post=600"}],"version-history":[{"count":3,"href":"https:\/\/www.il-design.hr\/index.php?rest_route=\/wp\/v2\/portfolio\/600\/revisions"}],"predecessor-version":[{"id":865,"href":"https:\/\/www.il-design.hr\/index.php?rest_route=\/wp\/v2\/portfolio\/600\/revisions\/865"}],"wp:featuredmedia":[{"embeddable":true,"href":"https:\/\/www.il-design.hr\/index.php?rest_route=\/wp\/v2\/media\/601"}],"wp:attachment":[{"href":"https:\/\/www.il-design.hr\/index.php?rest_route=%2Fwp%2Fv2%2Fmedia&parent=600"}],"wp:term":[{"taxonomy":"post_tag","embeddable":true,"href":"https:\/\/www.il-design.hr\/index.php?rest_route=%2Fwp%2Fv2%2Ftags&post=600"},{"taxonomy":"portfolio_entries","embeddable":true,"href":"https:\/\/www.il-design.hr\/index.php?rest_route=%2Fwp%2Fv2%2Fportfolio_entries&post=600"}],"curies":[{"name":"wp","href":"https:\/\/api.w.org\/{rel}","templated":true}]}}